{"id":43632,"date":"2019-12-30T16:40:42","date_gmt":"2019-12-30T15:40:42","guid":{"rendered":"https:\/\/coruna.redeacampa.org\/?page_id=43632"},"modified":"2021-02-23T00:01:45","modified_gmt":"2021-02-22T23:01:45","slug":"hazte-voluntaria","status":"publish","type":"page","link":"https:\/\/coruna.redeacampa.org\/es\/hazte-voluntaria\/","title":{"rendered":"Hazte voluntaria"},"content":{"rendered":"<p>[et_pb_section fb_built=\u00bb1&#8243; _builder_version=\u00bb4.0.9&#8243; background_image=\u00bbhttps:\/\/coruna.redeacampa.org\/wp-content\/uploads\/unete-1.jpg\u00bb parallax=\u00bbon\u00bb height=\u00bb560px\u00bb height_tablet=\u00bb\u00bb height_phone=\u00bb470px\u00bb height_last_edited=\u00bbon|phone\u00bb][et_pb_row _builder_version=\u00bb4.0.9&#8243;][et_pb_column type=\u00bb4_4&#8243; _builder_version=\u00bb4.0.9&#8243;][et_pb_text _builder_version=\u00bb4.0.9&#8243; text_text_color=\u00bb#ffffff\u00bb text_font_size=\u00bb18px\u00bb header_font_size=\u00bb45px\u00bb custom_margin=\u00bb170px||||false|false\u00bb custom_margin_tablet=\u00bb\u00bb custom_margin_phone=\u00bb30px||||false|false\u00bb custom_margin_last_edited=\u00bbon|phone\u00bb]<\/p>\n<h1>\u00daNETE A NUESTRO EQUIPO<\/h1>\n<p>Ahora es el momento de unirte a nuestro equipo de profesionales<br \/>que luchan por el cumplimiento de los Derechos Humanos<\/p>\n<p>[\/et_pb_text][et_pb_button button_url=\u00bb#\u00bb button_text=\u00bbQUIERO UNIRME\u00bb admin_label=\u00bbBoton\u00bb module_class=\u00bbbutton\u00bb _builder_version=\u00bb4.0.11&#8243; custom_button=\u00bbon\u00bb button_text_size=\u00bb18px\u00bb button_text_color=\u00bb#cd1619&#8243; button_bg_color=\u00bb#ffffff\u00bb button_border_width=\u00bb0px\u00bb button_font=\u00bbOswald||||||||\u00bb custom_padding=\u00bb15px|40px|15px|40px|true|true\u00bb button_bg_color__hover_enabled=\u00bbon|hover\u00bb button_bg_color__hover=\u00bb#cd1619&#8243; button_bg_enable_color__hover=\u00bbon\u00bb button_text_color__hover_enabled=\u00bbon|hover\u00bb button_text_color__hover=\u00bb#ffffff\u00bb][\/et_pb_button][et_pb_text admin_label=\u00bbcopyright\u00bb module_class=\u00bbcopyright\u00bb _builder_version=\u00bb4.2.2&#8243;]<\/p>\n<p>\u00a9 Daesung Lee<\/p>\n<p>[\/et_pb_text][\/et_pb_column][\/et_pb_row][\/et_pb_section][et_pb_section fb_built=\u00bb1&#8243; _builder_version=\u00bb4.0.9&#8243;][et_pb_row _builder_version=\u00bb4.0.9&#8243;][et_pb_column type=\u00bb4_4&#8243; _builder_version=\u00bb4.0.9&#8243;][et_pb_text admin_label=\u00bbcomo funciona\u00bb _builder_version=\u00bb4.0.9&#8243; text_font=\u00bb|700|||||||\u00bb text_font_size=\u00bb30px\u00bb header_font_size=\u00bb36px\u00bb header_2_font_size=\u00bb30px\u00bb text_orientation=\u00bbcenter\u00bb]<\/p>\n<h2>\u00bfC\u00f3mo funciona?<\/h2>\n<p>[\/et_pb_text][\/et_pb_column][\/et_pb_row][et_pb_row column_structure=\u00bb1_3,1_3,1_3&#8243; _builder_version=\u00bb4.0.9&#8243; module_alignment=\u00bbcenter\u00bb custom_margin=\u00bb||||true|false\u00bb][et_pb_column type=\u00bb1_3&#8243; _builder_version=\u00bb4.0.9&#8243;][et_pb_text admin_label=\u00bb01&#8243; _builder_version=\u00bb4.0.9&#8243; text_font=\u00bb|700|||||||\u00bb text_font_size=\u00bb18px\u00bb background_image=\u00bbhttps:\/\/coruna.redeacampa.org\/wp-content\/uploads\/01.png\u00bb background_size=\u00bbinitial\u00bb background_position=\u00bbtop_left\u00bb max_width=\u00bb270px\u00bb module_alignment=\u00bbcenter\u00bb min_height=\u00bb202px\u00bb custom_margin=\u00bb30px||30px||true|false\u00bb custom_padding=\u00bb80px|||50px|false|false\u00bb]<\/p>\n<p>Reg\u00edstrate en el formulario con uno de los perfiles que necesitamos en nuestro equipo<\/p>\n<p>[\/et_pb_text][\/et_pb_column][et_pb_column type=\u00bb1_3&#8243; _builder_version=\u00bb4.0.9&#8243;][et_pb_text admin_label=\u00bb02&#8243; _builder_version=\u00bb4.0.9&#8243; text_font=\u00bb|700|||||||\u00bb text_font_size=\u00bb18px\u00bb background_image=\u00bbhttps:\/\/coruna.redeacampa.org\/wp-content\/uploads\/02.png\u00bb background_size=\u00bbinitial\u00bb background_position=\u00bbtop_left\u00bb max_width=\u00bb270px\u00bb module_alignment=\u00bbcenter\u00bb min_height=\u00bb202px\u00bb custom_margin=\u00bb30px||30px||true|false\u00bb custom_padding=\u00bb80px|||50px|false|false\u00bb]<\/p>\n<p>Nos pondremos en contacto contigo y te asignaremos un equipo de trabajo<\/p>\n<p>[\/et_pb_text][\/et_pb_column][et_pb_column type=\u00bb1_3&#8243; _builder_version=\u00bb4.0.9&#8243;][et_pb_text admin_label=\u00bb03&#8243; _builder_version=\u00bb4.0.11&#8243; text_font=\u00bb|700|||||||\u00bb text_font_size=\u00bb18px\u00bb background_image=\u00bbhttps:\/\/coruna.redeacampa.org\/wp-content\/uploads\/03.png\u00bb background_size=\u00bbinitial\u00bb background_position=\u00bbtop_left\u00bb max_width=\u00bb270px\u00bb module_alignment=\u00bbcenter\u00bb min_height=\u00bb202px\u00bb custom_margin=\u00bb30px||30px||true|false\u00bb custom_padding=\u00bb80px|||50px|false|false\u00bb]<\/p>\n<p>Podr\u00e1s aportar tu granito de arena para la consecuci\u00f3n del evento Acampa 2020<\/p>\n<p>[\/et_pb_text][\/et_pb_column][\/et_pb_row][et_pb_row _builder_version=\u00bb4.0.9&#8243; max_width=\u00bb1000px\u00bb module_alignment=\u00bbcenter\u00bb][et_pb_column type=\u00bb4_4&#8243; _builder_version=\u00bb4.0.9&#8243;][et_pb_text _builder_version=\u00bb4.0.9&#8243; text_font=\u00bb|300|||||||\u00bb text_font_size=\u00bb18px\u00bb text_line_height=\u00bb1.8em\u00bb]<\/p>\n<p>La incorporaci\u00f3n de las personas voluntarias depende, por un lado, de la motivaci\u00f3n, disponibilidad y capacidades de los y las voluntarias, y por otro, de las posibilidades de nuestra organizaci\u00f3n. Las \u00e1reas que forman Acampa son muy variadas:<\/p>\n<p>[\/et_pb_text][\/et_pb_column][\/et_pb_row][et_pb_row column_structure=\u00bb1_2,1_2&#8243; admin_label=\u00bbAreas\u00bb module_class=\u00bbareasvol\u00bb _builder_version=\u00bb4.2.2&#8243;][et_pb_column type=\u00bb1_2&#8243; _builder_version=\u00bb4.2.2&#8243;][et_pb_toggle title=\u00bbCoordinaci\u00f3n de log\u00edstica\u00bb _builder_version=\u00bb4.2.2&#8243;]<\/p>\n<div class=\"et_pb_toggle_content clearfix\">\n<ul>\n<li>Gestionar y negociar las necesidades log\u00edsticas de Acampa:<\/li>\n<li>Conseguir colaboraciones de hoteles, restaurantes, compa\u00f1\u00edas a\u00e9reas, empresas de transporte, etc.<\/li>\n<li>Controlar y gestionar las necesidades de las personas invitadas: recogidas en el aeropuerto, alojamiento, comidas, seguimento, mapas de avisos y vigilancia de las necesidades de las personas que colaboran con ACAMPA.<\/li>\n<\/ul>\n<blockquote>\n<p><strong>REQUISITOS:<\/strong> Persona con Iniciativa. Capacidad de trabajo en equipo. Capacidad de organizaci\u00f3n y gesti\u00f3n.\u00a0 Disponibilidad de tiempo para dedicar a gestiones.<\/p>\n<\/blockquote>\n<\/div>\n<p>[\/et_pb_toggle][et_pb_toggle title=\u00bbCoordinaci\u00f3n de voluntariado\u00bb _builder_version=\u00bb4.2.2&#8243;]<\/p>\n<div class=\"et_pb_toggle_content clearfix\">\n<div class=\"et_pb_toggle_content clearfix\">\n<ul>\n<li>Coordinar las necesidades de voluntarios\/as de ACAMPA:<\/li>\n<li>Difusi\u00f3n ofertas, anuncios, entrevistas, dar respuesta a personas\u00a0interesadas\u2026<\/li>\n<li>Organizar las acciones formativas de ACAMPA para el voluntariado\u00a0(calendario, material\u2026)<\/li>\n<li>Coordinar la incorporaci\u00f3n, acogida y seguimento del voluntariado.<\/li>\n<li>Controlar as altas e baixas de voluntariado para actualizar a base de datos.<\/li>\n<\/ul>\n<blockquote>\n<p><strong>REQUISITOS<\/strong>: Persona con Iniciativa. Capacidad de trabajo en equipo. Capacidad de organizaci\u00f3n y gesti\u00f3n.\u00a0 Disponibilidad de tiempo para dedicar a gestiones.<\/p>\n<\/blockquote>\n<\/div>\n<\/div>\n<p>[\/et_pb_toggle][et_pb_toggle title=\u00bbCoordinaci\u00f3n con Entidades Sociales\u00bb _builder_version=\u00bb4.2.2&#8243;]<\/p>\n<div class=\"et_pb_toggle_content clearfix\">\n<div class=\"et_pb_toggle_content clearfix\">\n<ul>\n<li>Establecer relaci\u00f3n con entidades de todo el mundo para Incrementar el n\u00famero de organizaciones que forman parte da Red ACAMPA.<\/li>\n<li>Convocar y dirigir las reuniones con las entidades de la Red. Planificar y coordinar las actividades de las entidades en las actividades ACAMPA<\/li>\n<li>Planificar y coordinar las campa\u00f1as de intercambio de informaci\u00f3n entre las organizaciones de la Red.<\/li>\n<li>Motivar e integrar al equipo de entidades en ACAMPA.<\/li>\n<\/ul>\n<blockquote>\n<p><strong>REQUISITOS<\/strong>: Persona con Iniciativa. Capacidad de trabajo en equipo. Capacidad de organizaci\u00f3n y gesti\u00f3n. Experiencia en el traballo socio-pol\u00edtico. Coocimiento del idioma gallego.<\/p>\n<\/blockquote>\n<\/div>\n<\/div>\n<p>[\/et_pb_toggle][et_pb_toggle title=\u00bbSecretar\u00eda de Coordinaci\u00f3n\u00bb _builder_version=\u00bb4.2.2&#8243;]<\/p>\n<div class=\"et_pb_toggle_content clearfix\">\n<div class=\"et_pb_toggle_content clearfix\">\n<ul>\n<li>Realizar los trabajos de apoyo, gesti\u00f3n y programaci\u00f3n de la actividad del coordinador.<\/li>\n<\/ul>\n<blockquote>\n<p><strong>REQUISITOS<\/strong>: Capacidad de organizaci\u00f3n y gesti\u00f3n. Dominio de los idiomas gallego e ingl\u00e9s. Capacidad de comunicaci\u00f3n.<\/p>\n<\/blockquote>\n<\/div>\n<\/div>\n<p>[\/et_pb_toggle][et_pb_toggle title=\u00bbComunicaci\u00f3n interna y Gesti\u00f3n de Informaci\u00f3n\u00bb _builder_version=\u00bb4.2.2&#8243;]<\/p>\n<div class=\"et_pb_toggle_content clearfix\">\n<div class=\"et_pb_toggle_content clearfix\">\n<ul>\n<li>Gestionar la informaci\u00f3n requirida para la correcta realizaci\u00f3n del evento: Coordinaci\u00f3n de fotograf\u00edas. Textos. Logotipos. Proyecciones durante el evento. Necesidades gr\u00e1ficas de los relatores\/as para a s\u00faa intervenci\u00f3n no evento\u2026<\/li>\n<\/ul>\n<blockquote>\n<p><strong>REQUISITOS<\/strong>: Capacidade de organizaci\u00f3n e xesti\u00f3n. Dominio dos idiomas galego e ingl\u00e9s. Capacidade de comunicaci\u00f3n.<\/p>\n<\/blockquote>\n<\/div>\n<\/div>\n<p>[\/et_pb_toggle][et_pb_toggle title=\u00bbCoordinaci\u00f3n de contenidos de comunicaci\u00f3n\u00bb _builder_version=\u00bb4.2.2&#8243; hover_enabled=\u00bb0&#8243;]<\/p>\n<div class=\"et_pb_toggle_content clearfix\">\n<div class=\"et_pb_toggle_content clearfix\">\n<ul>\n<li>Generaci\u00f3n de contenidos para comunicaci\u00f3n de informaciones sobre Derechos Humanos y contenidos de Acampa a las persoas asociadas, organizaciones\u00a0 y a la sociedad.<\/li>\n<\/ul>\n<blockquote>\n<p><strong>REQUISITOS<\/strong>: Perfil period\u00edstico. Capacidad de elaboraci\u00f3n de comunicaci\u00f3n. Dominio del idioma gallego. Capacidad de s\u00edntesis. Iniciativa.<\/p>\n<\/blockquote>\n<\/div>\n<\/div>\n<p>[\/et_pb_toggle][et_pb_toggle title=\u00bbCoordinaci\u00f3n de Dise\u00f1o Gr\u00e1fico\u00bb _builder_version=\u00bb4.2.2&#8243; hover_enabled=\u00bb0&#8243;]<\/p>\n<div class=\"et_pb_toggle_content clearfix\">\n<div class=\"et_pb_toggle_content clearfix\">\n<ul>\n<li>Formar parte del equipo para cubrir las necesidades gr\u00e1ficas necesarias en los diferentes campos de actuaci\u00f3n tales como el dise\u00f1o de papeler\u00eda, imagen (contenido web, redes sociales..) y escenograf\u00eda (carteler\u00eda, se\u00f1alizaci\u00f3n..)<\/li>\n<\/ul>\n<blockquote>\n<p><strong>REQUISITOS<\/strong>: Experiencia\u00a0 en dise\u00f1o gr\u00e1fico. Capacidad de organizaci\u00f3n e gesti\u00f3n.<\/p>\n<\/blockquote>\n<\/div>\n<\/div>\n<p>[\/et_pb_toggle][et_pb_toggle title=\u00bbEquipo de Econom\u00eda\u00bb _builder_version=\u00bb4.2.2&#8243;]<\/p>\n<div class=\"et_pb_toggle_content clearfix\">\n<div class=\"et_pb_toggle_content clearfix\">\n<ul>\n<li>Gesti\u00f3n y archivo de la documentaci\u00f3n econ\u00f3mica de la Asociaci\u00f3n.<\/li>\n<li>Control de cobros y pagos.<\/li>\n<li>Contabilizaci\u00f3n de las operaciones econ\u00f3micas de Acampa.<\/li>\n<li>Realizaci\u00f3n de las declaraciones fiscales.<\/li>\n<li>Gesti\u00f3n de subvenciones p\u00fablicas.<\/li>\n<\/ul>\n<blockquote>\n<p><strong>REQUISITOS<\/strong>: Conocemientos b\u00e1sicos de Contabilidad y Fiscalidad.<\/p>\n<\/blockquote>\n<\/div>\n<\/div>\n<p>[\/et_pb_toggle][et_pb_toggle title=\u00bbEquipo de Secretar\u00eda\u00bb _builder_version=\u00bb4.2.2&#8243;]<\/p>\n<div class=\"et_pb_toggle_content clearfix\">\n<div class=\"et_pb_toggle_content clearfix\">\n<ul>\n<li>Ayudar con la responsabilidad del registro de socios y socias de ACAMPA. Manteniendo actualizados los datos e las anotaciones a realizar.<\/li>\n<li>Redactar las actas del equipo de coordinaci\u00f3n, de las sesiones de la Asemblea General, de la Junta Directiva, y responsabilizarse de los\u00a0respectivos Libros de actas.<\/li>\n<li>Colaborar con el desenvolvimiento de las sesiones de la Asemblea General y de la Junta Directiva, dando cuenta de la Orden del D\u00eda y participando en la direcci\u00f3n de los debates.<\/li>\n<li>Garantizar el cumplimiento de los estatutos.<\/li>\n<li>\u00a0Solicitud de los permisos necesarios para el desarrollo del evento central anual.<\/li>\n<\/ul>\n<blockquote>\n<p><strong>REQUISITOS<\/strong>: Capacidad de organizaci\u00f3n y gesti\u00f3n. Dominio del idioma gallego. Capacidad de comunicaci\u00f3n e iniciativa.<\/p>\n<\/blockquote>\n<\/div>\n<\/div>\n<p>[\/et_pb_toggle][\/et_pb_column][et_pb_column type=\u00bb1_2&#8243; _builder_version=\u00bb4.2.2&#8243;][et_pb_toggle title=\u00bbEquipo de Programaci\u00f3n\u00bb _builder_version=\u00bb4.2.2&#8243;]<\/p>\n<div class=\"et_pb_toggle_content clearfix\">\n<div class=\"et_pb_toggle_content clearfix\">\n<ul>\n<li>Participar en la programaci\u00f3n de las actividades a realizar durante el a\u00f1o y dise\u00f1ar y gestionar el programa del evento central anual.<\/li>\n<\/ul>\n<blockquote>\n<p><strong>REQUISITOS<\/strong>: Capacidad de organizaci\u00f3n y gesti\u00f3n. Capacidad de comunicaci\u00f3n. Preferiblemente con dominio de los idiomas gallego e ingl\u00e9s. Preferible con experiencia en la organizaci\u00f3n de eventos.<\/p>\n<\/blockquote>\n<\/div>\n<\/div>\n<p>[\/et_pb_toggle][et_pb_toggle title=\u00bbCoordinaci\u00f3n de actividades\u00bb _builder_version=\u00bb4.2.2&#8243;]<\/p>\n<div class=\"et_pb_toggle_content clearfix\">\n<div class=\"et_pb_toggle_content clearfix\">\n<ul>\n<li>Coordinar la correcta realizaci\u00f3n de las actividades dise\u00f1adas que se desarrollan durante el evento. Capacidad de comunicaci\u00f3n de forma flu\u00edda en gallego, ingl\u00e9s y castellano.<\/li>\n<\/ul>\n<blockquote>\n<p><strong>REQUISITOS<\/strong>: Capacidad de organizaci\u00f3n y gesti\u00f3n. Capacidad de comunicaci\u00f3n. Preferiblemente con dominio de los idiomas gallego, ingl\u00e9s, castellano.<\/p>\n<\/blockquote>\n<\/div>\n<\/div>\n<p>[\/et_pb_toggle][et_pb_toggle title=\u00bbCoordinaci\u00f3n de Patrocinios\u00bb _builder_version=\u00bb4.2.2&#8243;]<\/p>\n<div class=\"et_pb_toggle_content clearfix\">\n<div class=\"et_pb_toggle_content clearfix\">\n<ul>\n<li>Definir las necesidades y dise\u00f1ar una estrategia de captaci\u00f3n de fondos para el evento de 2020. Elaborar un dossier de motivaci\u00f3n para colaborar, identificando las v\u00edas de captaci\u00f3n m\u00e1s adecuadas.<\/li>\n<li>Dise\u00f1ar un calendario y esquema de captaci\u00f3n y llevarlos a cabo.<\/li>\n<li>Estimular la colaboraci\u00f3n econ\u00f3mica por parte de las persoas asociadas.<\/li>\n<\/ul>\n<\/div>\n<\/div>\n<p>[\/et_pb_toggle][et_pb_toggle title=\u00bbCoordinaci\u00f3n de Infraestructuras\u00bb _builder_version=\u00bb4.2.2&#8243;]<\/p>\n<div class=\"et_pb_toggle_content clearfix\">\n<div class=\"et_pb_toggle_content clearfix\">\n<ul>\n<li>Dise\u00f1o e definici\u00f3n de las infraestrurturas e istalaciones, palnificaci\u00f3n y descripci\u00f3n de todas las nececisidades de infraestutruras.<\/li>\n<\/ul>\n<blockquote>\n<p><strong>REQUISITOS<\/strong>: Capacidad de organizaci\u00f3n y gesti\u00f3n. Capacidad de trabajo en equipo.<\/p>\n<\/blockquote>\n<\/div>\n<\/div>\n<p>[\/et_pb_toggle][et_pb_toggle title=\u00bbDise\u00f1o y coordinaci\u00f3n de la construcci\u00f3n del campo de personas refugiadas\u00bb _builder_version=\u00bb4.2.2&#8243;]<\/p>\n<div class=\"et_pb_toggle_content clearfix\">\n<div class=\"et_pb_toggle_content clearfix\">\n<ul>\n<li>Dise\u00f1o del campo de personas refugiadas simulado que se instala en el centro de la ciudad.<\/li>\n<li>Coordinaci\u00f3n de la construcci\u00f3n y selecci\u00f3n del equipo de construcci\u00f3n.<\/li>\n<li>Dise\u00f1o de los materiales necesarios para la decoraci\u00f3n del campo y coordinaci\u00f3n de los equipos de trabajo.<\/li>\n<li>Dise\u00f1o del escenario en la carpa central y en los puntos de actividades.<\/li>\n<\/ul>\n<blockquote>\n<p><strong>REQUISITOS<\/strong>: Conociemientos en creaci\u00f3n de escenarios y decorados. Capacidad de organizaci\u00f3n y gesti\u00f3n. Capacidad de trabajo en equipo.<\/p>\n<\/blockquote>\n<\/div>\n<\/div>\n<p>[\/et_pb_toggle][et_pb_toggle title=\u00bbEquipo Legal\u00bb _builder_version=\u00bb4.2.2&#8243;]<\/p>\n<div class=\"et_pb_toggle_content clearfix\">\n<ul>\n<li class=\"et_pb_toggle_content clearfix\">Asesor\u00eda legal y redacci\u00f3n de documentos legales.<\/li>\n<\/ul>\n<\/div>\n<p>[\/et_pb_toggle][et_pb_toggle title=\u00bbTraducci\u00f3n y correcci\u00f3n ling\u00fc\u00edsticas de gallego\u00bb _builder_version=\u00bb4.2.2&#8243;]<\/p>\n<div class=\"et_pb_toggle_content clearfix\">\n<ul>\n<li>Traducci\u00f3n y revisi\u00f3n de todos los textos elaborados para las distintas acciones de ACAMPA durante el a\u00f1o.<\/li>\n<li>Traducci\u00f3n de todos los materiales necesarios para la elaboraci\u00f3n de las piezas de comunicaci\u00f3n, cat\u00e1logo, documentos, carteler\u00eda,etc.<\/li>\n<\/ul>\n<blockquote>\n<p><strong>REQUISITOS<\/strong>: Conocimiento del idioma gallego normativo. Capacidad de trabajo y respuesta en breve tempo.<\/p>\n<\/blockquote>\n<\/div>\n<p>[\/et_pb_toggle][et_pb_toggle title=\u00bbTraducci\u00f3n y correcci\u00f3n ling\u00fc\u00edsticas de ingl\u00e9s\u00bb _builder_version=\u00bb4.2.2&#8243;]<\/p>\n<div class=\"et_pb_toggle_content clearfix\">\n<ul>\n<li>Traducci\u00f3n y revisi\u00f3n de todos los textos elaborados para las distintas acciones de ACAMPA durante el a\u00f1o.<\/li>\n<li>Traducci\u00f3n de todos los materiales necesarios para la elaboraci\u00f3n de las piezas de comunicaci\u00f3n, cat\u00e1logo, documentos, carteler\u00eda,etc.<\/li>\n<\/ul>\n<blockquote>\n<p><strong>REQUISITOS<\/strong>: Conocimiento del idioma ingl\u00e9s, nivel nativo. Capacidad de trabajo y respuesta en breve tempo.<\/p>\n<\/blockquote>\n<\/div>\n<p>[\/et_pb_toggle][\/et_pb_column][\/et_pb_row][\/et_pb_section][et_pb_section fb_built=\u00bb1&#8243; _builder_version=\u00bb4.0.9&#8243; background_color=\u00bb#f4f4f4&#8243; border_color_all=\u00bb#dddddd\u00bb border_width_top=\u00bb1px\u00bb border_color_top=\u00bb#cccccc\u00bb border_width_bottom=\u00bb1px\u00bb][et_pb_row _builder_version=\u00bb4.0.9&#8243;][et_pb_column type=\u00bb4_4&#8243; _builder_version=\u00bb4.0.9&#8243;][et_pb_text admin_label=\u00bbprefieres?\u00bb _builder_version=\u00bb4.0.11&#8243; text_font=\u00bb|700|||||||\u00bb text_font_size=\u00bb30px\u00bb header_font_size=\u00bb36px\u00bb header_2_font_size=\u00bb30px\u00bb text_orientation=\u00bbcenter\u00bb]<\/p>\n<h2>\u00bfC\u00f3mo quieres participar en Acampa 2020?<\/h2>\n<p>[\/et_pb_text][\/et_pb_column][\/et_pb_row][et_pb_row column_structure=\u00bb1_2,1_2&#8243; _builder_version=\u00bb4.0.9&#8243; max_width=\u00bb850px\u00bb module_alignment=\u00bbcenter\u00bb][et_pb_column type=\u00bb1_2&#8243; _builder_version=\u00bb4.0.9&#8243;][et_pb_button button_url=\u00bb#\u00bb button_text=\u00bbCOMO VOLUNTARIO\u00bb button_alignment=\u00bbcenter\u00bb admin_label=\u00bbBoton\u00bb module_class=\u00bbbutton\u00bb _builder_version=\u00bb4.0.11&#8243; custom_button=\u00bbon\u00bb button_text_size=\u00bb18px\u00bb button_text_color=\u00bb#cd1619&#8243; button_bg_color=\u00bb#ffffff\u00bb button_border_width=\u00bb1px\u00bb button_border_color=\u00bb#dddddd\u00bb button_font=\u00bbOswald||||||||\u00bb custom_margin=\u00bb||50px||false|false\u00bb custom_padding=\u00bb15px|40px|15px|40px|true|true\u00bb button_bg_color__hover_enabled=\u00bbon|hover\u00bb button_bg_color__hover=\u00bb#cd1619&#8243; button_bg_enable_color__hover=\u00bbon\u00bb button_text_color__hover_enabled=\u00bbon|hover\u00bb button_text_color__hover=\u00bb#ffffff\u00bb button_border_color__hover_enabled=\u00bbon|hover\u00bb button_border_color__hover=\u00bb#cd1619&#8243;][\/et_pb_button][et_pb_text _builder_version=\u00bb4.0.9&#8243; text_font=\u00bb|600|||||||\u00bb text_font_size=\u00bb18px\u00bb text_orientation=\u00bbcenter\u00bb]<\/p>\n<p>\u00bfQu\u00e9 puedes hacer como voluntario?<\/p>\n<p>[\/et_pb_text][et_pb_text _builder_version=\u00bb4.0.9&#8243; text_font_size=\u00bb16px\u00bb]<\/p>\n<p><span style=\"color: #993300;\"><i class=\"fa fa-arrow-right \" ><\/i><\/span>\u00a0Ayudar en la organizaci\u00f3n de los participantes<\/p>\n<p><span style=\"color: #993300;\"><i class=\"fa fa-arrow-right \" ><\/i><\/span>\u00a0Encargarte de las comidas de los participantes<\/p>\n<p><span style=\"color: #993300;\"><i class=\"fa fa-arrow-right \" ><\/i><\/span> Difundir nuestro material gr\u00e1fico<\/p>\n<p><span style=\"color: #993300;\"><i class=\"fa fa-arrow-right \" ><\/i><\/span>\u00a0&#8230;<\/p>\n<p>[\/et_pb_text][\/et_pb_column][et_pb_column type=\u00bb1_2&#8243; _builder_version=\u00bb4.0.9&#8243;][et_pb_button button_url=\u00bb#\u00bb button_text=\u00bbCOMO COLABORADOR\u00bb button_alignment=\u00bbcenter\u00bb admin_label=\u00bbBoton\u00bb module_class=\u00bbbutton\u00bb _builder_version=\u00bb4.0.9&#8243; custom_button=\u00bbon\u00bb button_text_size=\u00bb18px\u00bb button_text_color=\u00bb#cd1619&#8243; button_bg_color=\u00bb#ffffff\u00bb button_border_width=\u00bb1px\u00bb button_border_color=\u00bb#dddddd\u00bb button_font=\u00bbOswald||||||||\u00bb custom_margin=\u00bb||50px||false|false\u00bb custom_padding=\u00bb15px|40px|15px|40px|true|true\u00bb button_bg_color__hover_enabled=\u00bbon|hover\u00bb button_bg_color__hover=\u00bb#cd1619&#8243; button_bg_enable_color__hover=\u00bbon\u00bb button_text_color__hover_enabled=\u00bbon|hover\u00bb button_text_color__hover=\u00bb#ffffff\u00bb button_border_color__hover_enabled=\u00bbon|hover\u00bb button_border_color__hover=\u00bb#cd1619&#8243;][\/et_pb_button][et_pb_text _builder_version=\u00bb4.0.9&#8243; text_font=\u00bb|600|||||||\u00bb text_font_size=\u00bb18px\u00bb text_orientation=\u00bbcenter\u00bb]<\/p>\n<p>\u00bfQu\u00e9 puedes hacer como colaborador?<\/p>\n<p>[\/et_pb_text][et_pb_text _builder_version=\u00bb4.0.9&#8243; text_font_size=\u00bb16px\u00bb]<\/p>\n<p><span style=\"color: #993300;\"><i class=\"fa fa-arrow-right \" ><\/i><\/span> Crear una exposici\u00f3n de tus obras art\u00edsticas: fotograf\u00edas, v\u00eddeos, pinturas, dise\u00f1os, etc.<\/p>\n<p><span style=\"color: #993300;\"><i class=\"fa fa-arrow-right \" ><\/i><\/span>\u00a0Protagonizar una actuaci\u00f3n musical con tu grupo<\/p>\n<p><span style=\"color: #993300;\"><i class=\"fa fa-arrow-right \" ><\/i><\/span> Participar en las conferencias como ponente<\/p>\n<p><span style=\"color: #993300;\"><i class=\"fa fa-arrow-right \" ><\/i><\/span> &#8230;<\/p>\n<p>[\/et_pb_text][\/et_pb_column][\/et_pb_row][\/et_pb_section][et_pb_section fb_built=\u00bb1&#8243; _builder_version=\u00bb4.0.9&#8243; background_color=\u00bb#222222&#8243;][et_pb_row _builder_version=\u00bb4.0.9&#8243; background_enable_color=\u00bboff\u00bb max_width=\u00bb1000px\u00bb module_alignment=\u00bbcenter\u00bb][et_pb_column type=\u00bb4_4&#8243; _builder_version=\u00bb4.0.9&#8243;][et_pb_slider use_bg_overlay=\u00bbon\u00bb use_text_overlay=\u00bboff\u00bb admin_label=\u00bbslider\u00bb module_class=\u00bbsliderunete\u00bb _builder_version=\u00bb4.2.2&#8243; header_text_color=\u00bb#ffffff\u00bb body_text_color=\u00bb#ffffff\u00bb background_color=\u00bb#222222&#8243; min_height=\u00bb450px\u00bb auto=\u00bbon\u00bb header_text_color__hover_enabled=\u00bboff|desktop\u00bb header_text_color__hover=\u00bb#ffffff\u00bb body_text_color__hover_enabled=\u00bboff|desktop\u00bb body_text_color__hover=\u00bb#ffffff\u00bb][et_pb_slide heading=\u00bbJudith Prat\u00bb _builder_version=\u00bb4.0.9&#8243; background_color=\u00bbrgba(0,0,0,0)\u00bb background_enable_color=\u00bbon\u00bb background_image=\u00bbhttps:\/\/coruna.redeacampa.org\/wp-content\/uploads\/bokoharamguerracontraellas-Jprat-7.jpg\u00bb background_enable_image=\u00bbon\u00bb background_size=\u00bbcontain\u00bb]<\/p>\n<p>Acampa 2019<\/p>\n<p>[\/et_pb_slide][et_pb_slide heading=\u00bbLorena Ross\u00bb _builder_version=\u00bb4.0.9&#8243; background_enable_color=\u00bboff\u00bb background_image=\u00bbhttps:\/\/coruna.redeacampa.org\/wp-content\/uploads\/ACAMPA_2019_LORENA-ROS_sex_0010.jpg\u00bb background_enable_image=\u00bbon\u00bb background_size=\u00bbcontain\u00bb]<\/p>\n<p>Acampa 2019<\/p>\n<p>[\/et_pb_slide][et_pb_slide heading=\u00bbOlmo Calvo\u00bb _builder_version=\u00bb4.0.9&#8243; background_enable_color=\u00bboff\u00bb background_image=\u00bbhttps:\/\/coruna.redeacampa.org\/wp-content\/uploads\/OlmoCalvo02.jpg\u00bb background_enable_image=\u00bbon\u00bb background_size=\u00bbcontain\u00bb]<\/p>\n<p>Acampa 2019<\/p>\n<p>[\/et_pb_slide][et_pb_slide heading=\u00bbM\u00f3nica Gonzalez\u00bb _builder_version=\u00bb4.2.2&#8243; background_enable_color=\u00bboff\u00bb background_image=\u00bbhttps:\/\/coruna.redeacampa.org\/wp-content\/uploads\/MonicaGonzalez.jpg\u00bb background_enable_image=\u00bbon\u00bb background_size=\u00bbcontain\u00bb]<\/p>\n<p>Acampa 2019<\/p>\n<p>[\/et_pb_slide][et_pb_slide heading=\u00bbAnna Surinyach\u00bb _builder_version=\u00bb4.0.9&#8243; background_enable_color=\u00bboff\u00bb background_image=\u00bbhttps:\/\/coruna.redeacampa.org\/wp-content\/uploads\/ACAMPA_2019_08_SurinyachAnna_EllasTambien_Febrero2014_SudanSur.jpg\u00bb background_enable_image=\u00bbon\u00bb background_size=\u00bbcontain\u00bb]<\/p>\n<p>Acampa 2019<\/p>\n<p>[\/et_pb_slide][et_pb_slide heading=\u00bbNatalia Sancha\u00bb _builder_version=\u00bb4.0.9&#8243; background_enable_color=\u00bboff\u00bb background_image=\u00bbhttps:\/\/coruna.redeacampa.org\/wp-content\/uploads\/NataliaSancha01.jpg\u00bb background_enable_image=\u00bbon\u00bb background_size=\u00bbcontain\u00bb]<\/p>\n<p>Acampa 2019<\/p>\n<p>[\/et_pb_slide][et_pb_slide heading=\u00bbSanti Palacios\u00bb _builder_version=\u00bb4.0.9&#8243; background_enable_color=\u00bboff\u00bb background_image=\u00bbhttps:\/\/coruna.redeacampa.org\/wp-content\/uploads\/SantiPalacios01.jpg\u00bb background_enable_image=\u00bbon\u00bb background_size=\u00bbcontain\u00bb]<\/p>\n<p>Acampa 2019<\/p>\n<p>[\/et_pb_slide][et_pb_slide heading=\u00bbDaesung Lee\u00bb _builder_version=\u00bb4.0.9&#8243; background_enable_color=\u00bboff\u00bb background_image=\u00bbhttps:\/\/coruna.redeacampa.org\/wp-content\/uploads\/On-the-shore-of-a-vanishing-island17.jpg\u00bb background_enable_image=\u00bbon\u00bb background_size=\u00bbcontain\u00bb]<\/p>\n<p>Acampa 2018<\/p>\n<p>[\/et_pb_slide][\/et_pb_slider][\/et_pb_column][\/et_pb_row][\/et_pb_section][et_pb_section fb_built=\u00bb1&#8243; disabled_on=\u00bboff|off|off\u00bb admin_label=\u00bbSecci\u00f3n popup\u00bb module_class=\u00bbpopup\u00bb _builder_version=\u00bb4.0.9&#8243; custom_css_before=\u00bbtop: 0px;||left: 0px;||width: 100%;||height: 100%;||z-index: 999;||content: %22%22;||background: rgba(0,0,0, 0.8);||position: fixed;\u00bb custom_css_main_element=\u00bbdisplay: none;\u00bb][et_pb_row _builder_version=\u00bb4.0.9&#8243; background_color=\u00bb#ffffff\u00bb max_width=\u00bb900px\u00bb custom_padding=\u00bb30px|30px|10px|30px|false|true\u00bb custom_css_main_element=\u00bbtransform: translatey(-50%) translatex(-50%);||position: fixed;||top: 50%;||left: 50%;||z-index: 1000;\u00bb][et_pb_column type=\u00bb4_4&#8243; _builder_version=\u00bb4.0.9&#8243;][et_pb_text _builder_version=\u00bb4.0.9&#8243;]<\/p>\n<h2>Forma parte de Acampa<\/h2>\n<p>[\/et_pb_text][et_pb_contact_form use_spam_service=\u00bbon\u00bb recaptcha_list=\u00bbAcampa-0&#8243; email=\u00bbalfonsovg@gmail.com,voluntariado@redeacampa.org\u00bb success_message=\u00bbMuchas gracias por tu inter\u00e9s!. Nos pondremos en contacto contigo lo antes posible.\u00bb admin_label=\u00bbFormulario de contacto\u00bb module_id=\u00bbet_pb_contact_form_0&#8243; module_class=\u00bbformvoluntariado\u00bb _builder_version=\u00bb4.0.11&#8243; custom_button=\u00bbon\u00bb button_text_color=\u00bb#ffffff\u00bb locked=\u00bboff\u00bb button_text_color__hover_enabled=\u00bbon|hover\u00bb button_text_color__hover=\u00bb#cd1619&#8243;][et_pb_contact_field field_id=\u00bbnombre\u00bb field_title=\u00bbNombre\u00bb _builder_version=\u00bb4.0.9&#8243; button_text_size__hover_enabled=\u00bboff\u00bb button_one_text_size__hover_enabled=\u00bboff\u00bb button_two_text_size__hover_enabled=\u00bboff\u00bb button_text_color__hover_enabled=\u00bboff\u00bb button_one_text_color__hover_enabled=\u00bboff\u00bb button_two_text_color__hover_enabled=\u00bboff\u00bb button_border_width__hover_enabled=\u00bboff\u00bb button_one_border_width__hover_enabled=\u00bboff\u00bb button_two_border_width__hover_enabled=\u00bboff\u00bb button_border_color__hover_enabled=\u00bboff\u00bb button_one_border_color__hover_enabled=\u00bboff\u00bb button_two_border_color__hover_enabled=\u00bboff\u00bb button_border_radius__hover_enabled=\u00bboff\u00bb button_one_border_radius__hover_enabled=\u00bboff\u00bb button_two_border_radius__hover_enabled=\u00bboff\u00bb button_letter_spacing__hover_enabled=\u00bboff\u00bb button_one_letter_spacing__hover_enabled=\u00bboff\u00bb button_two_letter_spacing__hover_enabled=\u00bboff\u00bb button_bg_color__hover_enabled=\u00bboff\u00bb button_one_bg_color__hover_enabled=\u00bboff\u00bb button_two_bg_color__hover_enabled=\u00bboff\u00bb][\/et_pb_contact_field][et_pb_contact_field field_id=\u00bbapellidos\u00bb field_title=\u00bbApellidos\u00bb allowed_symbols=\u00bbletters\u00bb _builder_version=\u00bb4.0.9&#8243;][\/et_pb_contact_field][et_pb_contact_field field_id=\u00bbedad\u00bb field_title=\u00bbEdad\u00bb max_length=\u00bb2&#8243; allowed_symbols=\u00bbnumbers\u00bb _builder_version=\u00bb4.0.9&#8243; button_text_size__hover_enabled=\u00bboff\u00bb button_one_text_size__hover_enabled=\u00bboff\u00bb button_two_text_size__hover_enabled=\u00bboff\u00bb button_text_color__hover_enabled=\u00bboff\u00bb button_one_text_color__hover_enabled=\u00bboff\u00bb button_two_text_color__hover_enabled=\u00bboff\u00bb button_border_width__hover_enabled=\u00bboff\u00bb button_one_border_width__hover_enabled=\u00bboff\u00bb button_two_border_width__hover_enabled=\u00bboff\u00bb button_border_color__hover_enabled=\u00bboff\u00bb button_one_border_color__hover_enabled=\u00bboff\u00bb button_two_border_color__hover_enabled=\u00bboff\u00bb button_border_radius__hover_enabled=\u00bboff\u00bb button_one_border_radius__hover_enabled=\u00bboff\u00bb button_two_border_radius__hover_enabled=\u00bboff\u00bb button_letter_spacing__hover_enabled=\u00bboff\u00bb button_one_letter_spacing__hover_enabled=\u00bboff\u00bb button_two_letter_spacing__hover_enabled=\u00bboff\u00bb button_bg_color__hover_enabled=\u00bboff\u00bb button_one_bg_color__hover_enabled=\u00bboff\u00bb button_two_bg_color__hover_enabled=\u00bboff\u00bb][\/et_pb_contact_field][et_pb_contact_field field_id=\u00bbEmail\u00bb field_title=\u00bbDirecci\u00f3n de correo electr\u00f3nico\u00bb field_type=\u00bbemail\u00bb _builder_version=\u00bb3.16&#8243; button_text_size__hover_enabled=\u00bboff\u00bb button_one_text_size__hover_enabled=\u00bboff\u00bb button_two_text_size__hover_enabled=\u00bboff\u00bb button_text_color__hover_enabled=\u00bboff\u00bb button_one_text_color__hover_enabled=\u00bboff\u00bb button_two_text_color__hover_enabled=\u00bboff\u00bb button_border_width__hover_enabled=\u00bboff\u00bb button_one_border_width__hover_enabled=\u00bboff\u00bb button_two_border_width__hover_enabled=\u00bboff\u00bb button_border_color__hover_enabled=\u00bboff\u00bb button_one_border_color__hover_enabled=\u00bboff\u00bb button_two_border_color__hover_enabled=\u00bboff\u00bb button_border_radius__hover_enabled=\u00bboff\u00bb button_one_border_radius__hover_enabled=\u00bboff\u00bb button_two_border_radius__hover_enabled=\u00bboff\u00bb button_letter_spacing__hover_enabled=\u00bboff\u00bb button_one_letter_spacing__hover_enabled=\u00bboff\u00bb button_two_letter_spacing__hover_enabled=\u00bboff\u00bb button_bg_color__hover_enabled=\u00bboff\u00bb button_one_bg_color__hover_enabled=\u00bboff\u00bb button_two_bg_color__hover_enabled=\u00bboff\u00bb][\/et_pb_contact_field][et_pb_contact_field field_id=\u00bbcomo\u00bb field_title=\u00bb\u00bfC\u00f3mo quieres participar?\u00bb field_type=\u00bbselect\u00bb select_options=\u00bb%91{%22value%22:%22Quiero formar parte de Acampa%22,%22checked%22:0,%22dragID%22:-1},{%22value%22:%22Quiero estar en el voluntariado en Acampa 2020%22,%22checked%22:0,%22dragID%22:0},{%22value%22:%22Quiero colaborar en Acampa 2020%22,%22checked%22:0,%22dragID%22:1}%93&#8243; _builder_version=\u00bb4.0.9&#8243;][\/et_pb_contact_field][et_pb_contact_field field_id=\u00bbpuesto\u00bb field_title=\u00bbElige uno de los puestos disponibles\u00bb field_type=\u00bbselect\u00bb select_options=\u00bb%91{%22value%22:%22Secretar\u00eda%22,%22checked%22:0,%22dragID%22:1},{%22value%22:%22Log\u00edstica y Gesti\u00f3n%22,%22checked%22:0,%22dragID%22:-1},{%22value%22:%22Coordinaci\u00f3n de actividades%22,%22checked%22:0,%22dragID%22:2},{%22value%22:%22Gesti\u00f3n del voluntariado%22,%22checked%22:0,%22dragID%22:0},{%22value%22:%22Comunicaci\u00f3n con entidades sociales%22,%22checked%22:0,%22dragID%22:3},{%22value%22:%22Dise\u00f1o Gr\u00e1fico%22,%22checked%22:0,%22dragID%22:4},{%22value%22:%22Captaci\u00f3n de fondos%22,%22checked%22:0,%22dragID%22:5}%93&#8243; conditional_logic=\u00bbon\u00bb conditional_logic_relation=\u00bbon\u00bb conditional_logic_rules=\u00bb%91{%22field%22:%22como%22,%22condition%22:%22is not%22,%22value%22:%22Quiero estar en el voluntariado en Acampa 2020%22},{%22field%22:%22como%22,%22condition%22:%22is not%22,%22value%22:%22Quiero colaborar en Acampa 2020%22},{%22field%22:%22como%22,%22condition%22:%22is not empty%22,%22value%22:%22Quiero formar parte de Acampa%22}%93&#8243; _builder_version=\u00bb4.0.11&#8243;][\/et_pb_contact_field][et_pb_contact_field field_id=\u00bbactividad\u00bb field_title=\u00bb\u00bfCon que actividad quieres colaborar?\u00bb field_type=\u00bbselect\u00bb select_options=\u00bb%91{%22value%22:%22Como m\u00fasico\/a%22,%22checked%22:0,%22dragID%22:-1},{%22value%22:%22Como fot\u00f3grafo\/a%22,%22checked%22:0,%22dragID%22:0},{%22value%22:%22Como dibujante &#8211; pintor\/a%22,%22checked%22:0,%22dragID%22:1},{%22value%22:%22Como ponente%22,%22checked%22:0,%22dragID%22:2},{%22value%22:%22Como periodista%22,%22checked%22:0,%22dragID%22:3}%93&#8243; conditional_logic=\u00bbon\u00bb conditional_logic_relation=\u00bbon\u00bb conditional_logic_rules=\u00bb%91{%22field%22:%22como%22,%22condition%22:%22is%22,%22value%22:%22Quiero colaborar en Acampa 2020%22}%93&#8243; _builder_version=\u00bb4.0.11&#8243;][\/et_pb_contact_field][\/et_pb_contact_form][et_pb_blurb use_icon=\u00bbon\u00bb font_icon=\u00bb%%48%%\u00bb icon_color=\u00bb#ffffff\u00bb use_icon_font_size=\u00bbon\u00bb icon_font_size=\u00bb40px\u00bb module_class=\u00bbclose\u00bb _builder_version=\u00bb4.0.11&#8243; custom_padding=\u00bb||||false|false\u00bb custom_css_main_element=\u00bbposition: absolute;||top: -80px;||right: -48px;||cursor: pointer;\u00bb][\/et_pb_blurb][\/et_pb_column][\/et_pb_row][\/et_pb_section]<\/p>\n","protected":false},"excerpt":{"rendered":"<p>\u00daNETE A NUESTRO EQUIPO Ahora es el momento de unirte a nuestro equipo de profesionalesque luchan por el cumplimiento de los Derechos Humanos\u00a9 Daesung Lee\u00bfC\u00f3mo funciona?Reg\u00edstrate en el formulario con uno de los perfiles que necesitamos en nuestro equipoNos pondremos en contacto contigo y te asignaremos un equipo de trabajoPodr\u00e1s aportar tu granito de arena [&hellip;]<\/p>\n","protected":false},"author":2,"featured_media":0,"parent":0,"menu_order":0,"comment_status":"closed","ping_status":"closed","template":"","meta":{"_et_pb_use_builder":"on","_et_pb_old_content":"","_et_gb_content_width":"","inline_featured_image":false,"footnotes":""},"categories":[1],"tags":[],"class_list":["post-43632","page","type-page","status-publish","hentry","category-sin-categoria"],"yoast_head":"<!-- This site is optimized with the Yoast SEO plugin v26.4 - https:\/\/yoast.com\/wordpress\/plugins\/seo\/ -->\n<title>Hazte voluntaria - Acampa - Pola paz e o dereito a refuxio<\/title>\n<meta name=\"robots\" content=\"index, follow, max-snippet:-1, max-image-preview:large, max-video-preview:-1\" \/>\n<link rel=\"canonical\" href=\"https:\/\/coruna.redeacampa.org\/es\/hazte-voluntaria\/\" \/>\n<meta property=\"og:locale\" content=\"es_ES\" \/>\n<meta property=\"og:type\" content=\"article\" \/>\n<meta property=\"og:title\" content=\"Hazte voluntaria - Acampa - Pola paz e o dereito a refuxio\" \/>\n<meta property=\"og:description\" content=\"\u00daNETE A NUESTRO EQUIPO Ahora es el momento de unirte a nuestro equipo de profesionalesque luchan por el cumplimiento de los Derechos Humanos\u00a9 Daesung Lee\u00bfC\u00f3mo funciona?Reg\u00edstrate en el formulario con uno de los perfiles que necesitamos en nuestro equipoNos pondremos en contacto contigo y te asignaremos un equipo de trabajoPodr\u00e1s aportar tu granito de arena [&hellip;]\" \/>\n<meta property=\"og:url\" content=\"https:\/\/coruna.redeacampa.org\/es\/hazte-voluntaria\/\" \/>\n<meta property=\"og:site_name\" content=\"Acampa - Pola paz e o dereito a refuxio\" \/>\n<meta property=\"article:publisher\" content=\"https:\/\/www.facebook.com\/acampapolapazeodereitoarefuxio\" \/>\n<meta property=\"article:modified_time\" content=\"2021-02-22T23:01:45+00:00\" \/>\n<meta name=\"twitter:card\" content=\"summary_large_image\" \/>\n<meta name=\"twitter:site\" content=\"@Acampa_polapaz\" \/>\n<meta name=\"twitter:label1\" content=\"Tiempo de lectura\" \/>\n\t<meta name=\"twitter:data1\" content=\"19 minutos\" \/>\n<script type=\"application\/ld+json\" class=\"yoast-schema-graph\">{\"@context\":\"https:\/\/schema.org\",\"@graph\":[{\"@type\":\"WebPage\",\"@id\":\"https:\/\/coruna.redeacampa.org\/es\/hazte-voluntaria\/\",\"url\":\"https:\/\/coruna.redeacampa.org\/es\/hazte-voluntaria\/\",\"name\":\"Hazte voluntaria - Acampa - Pola paz e o dereito a refuxio\",\"isPartOf\":{\"@id\":\"https:\/\/coruna.redeacampa.org\/es\/#website\"},\"datePublished\":\"2019-12-30T15:40:42+00:00\",\"dateModified\":\"2021-02-22T23:01:45+00:00\",\"breadcrumb\":{\"@id\":\"https:\/\/coruna.redeacampa.org\/es\/hazte-voluntaria\/#breadcrumb\"},\"inLanguage\":\"es\",\"potentialAction\":[{\"@type\":\"ReadAction\",\"target\":[\"https:\/\/coruna.redeacampa.org\/es\/hazte-voluntaria\/\"]}]},{\"@type\":\"BreadcrumbList\",\"@id\":\"https:\/\/coruna.redeacampa.org\/es\/hazte-voluntaria\/#breadcrumb\",\"itemListElement\":[{\"@type\":\"ListItem\",\"position\":1,\"name\":\"Portada\",\"item\":\"https:\/\/coruna.redeacampa.org\/es\/\"},{\"@type\":\"ListItem\",\"position\":2,\"name\":\"Hazte voluntaria\"}]},{\"@type\":\"WebSite\",\"@id\":\"https:\/\/coruna.redeacampa.org\/es\/#website\",\"url\":\"https:\/\/coruna.redeacampa.org\/es\/\",\"name\":\"Acampa - Pola paz e o dereito a refuxio\",\"description\":\"Unha iniciativa cidad\u00e1 sen fins de lucro integrada por colectivos sociais, culturais, educativos, veci\u00f1ais, pol\u00edticos, sindicais, art\u00edsticos, de persoas solidarias, de instituci\u00f3ns e empresas con responsabilidade social que te\u00f1en como obxectivo a defensa dos dereitos humanos, o Dereito Internacional Humanitario e o Dereito a Refuxio.\",\"potentialAction\":[{\"@type\":\"SearchAction\",\"target\":{\"@type\":\"EntryPoint\",\"urlTemplate\":\"https:\/\/coruna.redeacampa.org\/es\/?s={search_term_string}\"},\"query-input\":{\"@type\":\"PropertyValueSpecification\",\"valueRequired\":true,\"valueName\":\"search_term_string\"}}],\"inLanguage\":\"es\"}]}<\/script>\n<!-- \/ Yoast SEO plugin. -->","yoast_head_json":{"title":"Hazte voluntaria - Acampa - Pola paz e o dereito a refuxio","robots":{"index":"index","follow":"follow","max-snippet":"max-snippet:-1","max-image-preview":"max-image-preview:large","max-video-preview":"max-video-preview:-1"},"canonical":"https:\/\/coruna.redeacampa.org\/es\/hazte-voluntaria\/","og_locale":"es_ES","og_type":"article","og_title":"Hazte voluntaria - Acampa - Pola paz e o dereito a refuxio","og_description":"\u00daNETE A NUESTRO EQUIPO Ahora es el momento de unirte a nuestro equipo de profesionalesque luchan por el cumplimiento de los Derechos Humanos\u00a9 Daesung Lee\u00bfC\u00f3mo funciona?Reg\u00edstrate en el formulario con uno de los perfiles que necesitamos en nuestro equipoNos pondremos en contacto contigo y te asignaremos un equipo de trabajoPodr\u00e1s aportar tu granito de arena [&hellip;]","og_url":"https:\/\/coruna.redeacampa.org\/es\/hazte-voluntaria\/","og_site_name":"Acampa - Pola paz e o dereito a refuxio","article_publisher":"https:\/\/www.facebook.com\/acampapolapazeodereitoarefuxio","article_modified_time":"2021-02-22T23:01:45+00:00","twitter_card":"summary_large_image","twitter_site":"@Acampa_polapaz","twitter_misc":{"Tiempo de lectura":"19 minutos"},"schema":{"@context":"https:\/\/schema.org","@graph":[{"@type":"WebPage","@id":"https:\/\/coruna.redeacampa.org\/es\/hazte-voluntaria\/","url":"https:\/\/coruna.redeacampa.org\/es\/hazte-voluntaria\/","name":"Hazte voluntaria - Acampa - Pola paz e o dereito a refuxio","isPartOf":{"@id":"https:\/\/coruna.redeacampa.org\/es\/#website"},"datePublished":"2019-12-30T15:40:42+00:00","dateModified":"2021-02-22T23:01:45+00:00","breadcrumb":{"@id":"https:\/\/coruna.redeacampa.org\/es\/hazte-voluntaria\/#breadcrumb"},"inLanguage":"es","potentialAction":[{"@type":"ReadAction","target":["https:\/\/coruna.redeacampa.org\/es\/hazte-voluntaria\/"]}]},{"@type":"BreadcrumbList","@id":"https:\/\/coruna.redeacampa.org\/es\/hazte-voluntaria\/#breadcrumb","itemListElement":[{"@type":"ListItem","position":1,"name":"Portada","item":"https:\/\/coruna.redeacampa.org\/es\/"},{"@type":"ListItem","position":2,"name":"Hazte voluntaria"}]},{"@type":"WebSite","@id":"https:\/\/coruna.redeacampa.org\/es\/#website","url":"https:\/\/coruna.redeacampa.org\/es\/","name":"Acampa - Pola paz e o dereito a refuxio","description":"Unha iniciativa cidad\u00e1 sen fins de lucro integrada por colectivos sociais, culturais, educativos, veci\u00f1ais, pol\u00edticos, sindicais, art\u00edsticos, de persoas solidarias, de instituci\u00f3ns e empresas con responsabilidade social que te\u00f1en como obxectivo a defensa dos dereitos humanos, o Dereito Internacional Humanitario e o Dereito a Refuxio.","potentialAction":[{"@type":"SearchAction","target":{"@type":"EntryPoint","urlTemplate":"https:\/\/coruna.redeacampa.org\/es\/?s={search_term_string}"},"query-input":{"@type":"PropertyValueSpecification","valueRequired":true,"valueName":"search_term_string"}}],"inLanguage":"es"}]}},"_links":{"self":[{"href":"https:\/\/coruna.redeacampa.org\/es\/wp-json\/wp\/v2\/pages\/43632","targetHints":{"allow":["GET"]}}],"collection":[{"href":"https:\/\/coruna.redeacampa.org\/es\/wp-json\/wp\/v2\/pages"}],"about":[{"href":"https:\/\/coruna.redeacampa.org\/es\/wp-json\/wp\/v2\/types\/page"}],"author":[{"embeddable":true,"href":"https:\/\/coruna.redeacampa.org\/es\/wp-json\/wp\/v2\/users\/2"}],"replies":[{"embeddable":true,"href":"https:\/\/coruna.redeacampa.org\/es\/wp-json\/wp\/v2\/comments?post=43632"}],"version-history":[{"count":0,"href":"https:\/\/coruna.redeacampa.org\/es\/wp-json\/wp\/v2\/pages\/43632\/revisions"}],"wp:attachment":[{"href":"https:\/\/coruna.redeacampa.org\/es\/wp-json\/wp\/v2\/media?parent=43632"}],"wp:term":[{"taxonomy":"category","embeddable":true,"href":"https:\/\/coruna.redeacampa.org\/es\/wp-json\/wp\/v2\/categories?post=43632"},{"taxonomy":"post_tag","embeddable":true,"href":"https:\/\/coruna.redeacampa.org\/es\/wp-json\/wp\/v2\/tags?post=43632"}],"curies":[{"name":"wp","href":"https:\/\/api.w.org\/{rel}","templated":true}]}}